{"id":23,"date":"2026-04-10T10:29:48","date_gmt":"2026-04-10T10:29:48","guid":{"rendered":"https:\/\/www.perusjukka.fi\/?page_id=23"},"modified":"2026-08-20T10:16:04","modified_gmt":"2026-08-20T10:16:04","slug":"jukan-tarina","status":"publish","type":"page","link":"https:\/\/www.perusjukka.fi\/index.php\/jukan-tarina\/","title":{"rendered":"Jukan tarina"},"content":{"rendered":"\t\t<div data-elementor-type=\"wp-page\" data-elementor-id=\"23\" class=\"elementor elementor-23\" data-elementor-post-type=\"page\">\n\t\t\t\t<div class=\"elementor-element elementor-element-119ff8f e-flex e-con-boxed e-con e-parent\" data-id=\"119ff8f\" data-element_type=\"container\" data-e-type=\"container\">\n\t\t\t\t\t<div class=\"e-con-inner\">\n\t\t\t\t<div class=\"elementor-element elementor-element-1b68500 elementor-widget elementor-widget-heading\" data-id=\"1b68500\" data-element_type=\"widget\" data-e-type=\"widget\" data-widget_type=\"heading.default\">\n\t\t\t\t\t<h2 class=\"elementor-heading-title elementor-size-default\">KUKA ON JUKKA M\u00c4KYNEN?<\/h2>\t\t\t\t<\/div>\n\t\t\t\t\t<\/div>\n\t\t\t\t<\/div>\n\t\t<div class=\"elementor-element elementor-element-32c2aff e-grid e-con-boxed e-con e-parent\" data-id=\"32c2aff\" data-element_type=\"container\" data-e-type=\"container\">\n\t\t\t\t\t<div class=\"e-con-inner\">\n\t\t\t\t<div class=\"elementor-element elementor-element-27ffce2 elementor-widget elementor-widget-text-editor\" data-id=\"27ffce2\" data-element_type=\"widget\" data-e-type=\"widget\" data-widget_type=\"text-editor.default\">\n\t\t\t\t\t\t\t\t\t<h2>Urheilumies<\/h2><p class=\"isSelectedEnd\">Urheilu-urani alkoi viisivuotiaana vuonna 1966 \u2013 v\u00e4h\u00e4n tavallista pidemm\u00e4ll\u00e4 py\u00f6r\u00e4lenkill\u00e4. P\u00e4\u00e4h\u00e4ni p\u00e4lk\u00e4hti l\u00e4hte\u00e4 kukittamaan hautaa parinkymmenen kilometrin p\u00e4\u00e4h\u00e4n. Matka taittui polkupy\u00f6r\u00e4ll\u00e4, ja ev\u00e4st\u00e4 \u201dlainasin\u201d maitolaitureilta matkan varrella. P\u00e4iv\u00e4n aikana kilometrej\u00e4 kertyi 43. Se j\u00e4tti j\u00e4lkens\u00e4: kipin\u00e4 urheiluun, seikkailuun ja kaikenlaisiin \u00e4lytt\u00f6myyksiin syttyi silloin, eik\u00e4 se ole sammunut viel\u00e4k\u00e4\u00e4n.<\/p><p class=\"isSelectedEnd\">Varsinaisiksi lajeikseni valikoituivat my\u00f6hemmin kamppailulajit ja karate. Treenasin paljon, kilpailin tosissani ja h\u00e4visin l\u00e4hinn\u00e4 itse\u00e4ni paremmille. SM-mitaleita kertyi, tyylisuunnat vaihtuivat ja harjoittelu muuttui vuosien mittaan aina vain kovemmaksi.<\/p><p class=\"isSelectedEnd\">Jossain vaiheessa p\u00e4\u00e4tin kokeilla, mihin asti rajat voi venytt\u00e4\u00e4. Siin\u00e4 sivussa syntyi my\u00f6s murskauksen maailmanenn\u00e4tys: 400 tiilt\u00e4 alle minuutissa. Enn\u00e4tys on tiet\u00e4\u00e4kseni edelleen rikkomatta.<\/p><p class=\"isSelectedEnd\">Aikanaan perustin oman seuran ja kehitin omaa tyyli\u00e4ni. Karkaisumetodiksi sopi vapaaottelu \u2013 tai Ultimate Fighting, kuten sit\u00e4 silloin kutsuttiin \u2013 kuin nyrkki kovap\u00e4isen karatekan otsaan.<\/p><p class=\"isSelectedEnd\">Vuonna 1999 j\u00e4rjestin ensimm\u00e4iset Wasafight-kilpailut, Suomen mestaruuskisat. Niit\u00e4 seurasi viel\u00e4 seitsem\u00e4n lis\u00e4\u00e4.<\/p><p class=\"isSelectedEnd\">Nyt soihtu on siirtynyt jo nuoremmille. Pohjanmaan ja koko Suomen pojat ja tyt\u00f6t ovat p\u00e4rj\u00e4nneet hienosti, ja moni heist\u00e4 on noteerattu my\u00f6s kansainv\u00e4lisill\u00e4 areenoilla. Siit\u00e4 voi olla ylpe\u00e4.<\/p><h2>Turvamies<\/h2><p class=\"isSelectedEnd\">Kamppailu-urheilun kautta p\u00e4\u00e4dyin melko nopeasti my\u00f6s j\u00e4rjestyksenvalvojan t\u00f6ihin kapakoihin ja tapahtumiin. Vuosien mittaan ty\u00f6 muuttui vaativammaksi ja kasvoin hiljalleen t\u00e4ysimittaiseksi turvamieheksi. Olen suojannut urani aikana monenlaista kulkijaa: julkisuuden henkil\u00f6it\u00e4, kohujournalisteja, esiintyji\u00e4 ja kansainv\u00e4lisi\u00e4 t\u00e4hti\u00e4. Yksi mieleenpainuvimmista keikoista oli toimia ZZ Topin palkattuna turvamiehen\u00e4.<\/p><p class=\"isSelectedEnd\">Turvallisuusala on vienyt minut my\u00f6s kouluttajan ja konsultin teht\u00e4viin. Olen kouluttanut ja neuvonut muun muassa hoitoalan ammattilaisia, vartijoita, j\u00e4rjestyksenvalvojia sek\u00e4 sotilaspoliiseja. Turvallisuusty\u00f6 opettaa nopeasti yhden asian: kaikkea ei ratkaista voimalla. Usein t\u00e4rke\u00e4mp\u00e4\u00e4 on osata lukea ihmisi\u00e4, ennakoida tilanteita ja pit\u00e4\u00e4 oma p\u00e4\u00e4 kylm\u00e4n\u00e4 silloin, kun ymp\u00e4rill\u00e4 alkaa kiehua.<\/p><h2>Er\u00e4mies<\/h2><p class=\"isSelectedEnd\">Luonnossa olen liikkunut pikkupojasta l\u00e4htien \u2013 ensin partiossa ja my\u00f6hemmin omin p\u00e4in. Olen aina ajatellut, ett\u00e4 suomalaisessa mets\u00e4ss\u00e4 p\u00e4rj\u00e4\u00e4v\u00e4 ihminen p\u00e4rj\u00e4\u00e4 melkein miss\u00e4 tahansa. Suomessa luonto ei aina p\u00e4\u00e4st\u00e4 helpolla. Pakkaset purevat, lumi tulee vaakasuoraan ja merell\u00e4 s\u00e4\u00e4 saattaa muuttua hetkess\u00e4.<\/p><p class=\"isSelectedEnd\">Mutta juuri siin\u00e4 suomalaisessa luonnossa ja erityisesti Vaasan saaristossa on jotain, mik\u00e4 kasvattaa ihmist\u00e4. Pakkaset ja lumipyryt kestet\u00e4\u00e4n, myrskyt otetaan vastaan ja lyhyist\u00e4 l\u00e4mpimist\u00e4 kes\u00e4\u00f6ist\u00e4 nautitaan sit\u00e4kin enemm\u00e4n. Siit\u00e4 syntyy omalla tavallaan suomalainen luonne: rauhallinen, sitke\u00e4 ja aikaansaava. Minulle luonto ei ole vain maisema. Se on osa suomalaisuutta, osa pohjalaisuutta.<\/p><p class=\"isSelectedEnd\">On vaikea keksi\u00e4 parempaa tunnetta kuin lipua veneell\u00e4 Pohjanmaan rannikkovesill\u00e4 ja katsella maisemaa, jota luonto ja sukupolvien ty\u00f6 ovat yhdess\u00e4 muokanneet. Silloin tulee helposti mieleen, ett\u00e4 t\u00e4m\u00e4n maan eteen kannattaa tehd\u00e4 t\u00f6it\u00e4. Ihan jokaisen.<\/p><h2>Rakennusmies<\/h2><p class=\"isSelectedEnd\">Ammatiltani olen rakennusmies ja pitk\u00e4n linjan rakennusalan yritt\u00e4j\u00e4. Vaikka el\u00e4keik\u00e4 on jo saavutettu, ty\u00f6kalut eiv\u00e4t ole viel\u00e4 joutaneet kokonaan naulaan. Teen edelleen pieni\u00e4 remontteja sek\u00e4 rakennus- ja pihaprojekteja Vaasan seudulla \u2013 niin kauan kuin virtaa riitt\u00e4\u00e4 ja tekeminen maistuu.<\/p><p class=\"isSelectedEnd\">Rakennusalan yritt\u00e4j\u00e4n\u00e4 olen n\u00e4hnyt yritysmaailman sek\u00e4 hyvin\u00e4 ett\u00e4 huonoina aikoina. Olen rakentanut useita omakotitaloja alusta loppuun ja saanut k\u00e4yt\u00e4nn\u00f6ss\u00e4 n\u00e4hd\u00e4, mit\u00e4 yritt\u00e4minen tarkoittaa: vastuuta, riskej\u00e4, pitki\u00e4 p\u00e4ivi\u00e4 ja joskus my\u00f6s onnistumisen iloa.<\/p><p class=\"isSelectedEnd\">Rakentaminen on opettanut minulle paljon muutakin kuin ammatin. Jos perusta on huono, sit\u00e4 ei korjata hienolla julkisivulla. Jos runko on vinossa, ongelmaa ei ratkaista maalipurkilla. Ja jos suunnitelma ei toimi k\u00e4yt\u00e4nn\u00f6ss\u00e4, sit\u00e4 pit\u00e4\u00e4 muuttaa.<\/p><p class=\"isSelectedEnd\">Samaa ajattelua tarvitaan mielest\u00e4ni my\u00f6s politiikassa. Ensin pit\u00e4\u00e4 saada perusasiat kuntoon.<\/p><h2>Poliitikko<\/h2><p class=\"isSelectedEnd\">Poliittinen urani alkoi Vaasan paikallispolitiikassa. Liityin Perussuomalaisiin jo varhaisessa vaiheessa, ja t\u00e4ss\u00e4 puolueessa on edelleen poliittinen kotini. Toimin Vaasan kaupunginvaltuutettuna ja olen vuosien aikana n\u00e4hnyt l\u00e4helt\u00e4, miten p\u00e4\u00e4t\u00f6kset vaikuttavat tavallisten ihmisten arkeen.<\/p><p class=\"isSelectedEnd\">Vuonna 2019 minut valittiin eduskuntaan. Toimin kansanedustajana yhden kauden ajan. Eduskuntaty\u00f6ss\u00e4 minulle t\u00e4rkeint\u00e4 oli sama asia kuin rakennusty\u00f6maallakin: ongelmista pit\u00e4\u00e4 puhua suoraan ja niiden ratkaisemiseksi pit\u00e4\u00e4 tehd\u00e4 jotain konkreettista.<\/p><p class=\"isSelectedEnd\">Nyt nelj\u00e4n vuoden tauon j\u00e4lkeen olen p\u00e4\u00e4tt\u00e4nyt pyrki\u00e4 takaisin eduskuntaan. Rakennusty\u00f6t ovat v\u00e4hentyneet, kalenterissa on enemm\u00e4n tilaa ja aikaa riitt\u00e4\u00e4 j\u00e4lleen enemm\u00e4n politiikalle. Ja ehk\u00e4 Suomessakin olisi taas yhden maalaisj\u00e4rjell\u00e4 varustetun rakennusmiehen ty\u00f6panokselle k\u00e4ytt\u00f6\u00e4.<\/p><h2>Suomalainen mies<\/h2><p class=\"isSelectedEnd\">Olen aina ollut enemm\u00e4n tekij\u00e4 kuin sivustaseuraaja. Olen k\u00e4sist\u00e4ni taitava, aloitekykyinen ja tottunut kantamaan vastuuta. Kun jotain p\u00e4\u00e4tet\u00e4\u00e4n tehd\u00e4, se tehd\u00e4\u00e4n loppuun asti. Mutta vuosien varrella olen oppinut my\u00f6s sen, ettei kaikkea tarvitse eik\u00e4 kannata tiet\u00e4\u00e4 itse.<\/p><p class=\"isSelectedEnd\">Osaan kuunnella. Arvostan ihmisi\u00e4, joilla on osaamista, intohimoa ja asiantuntemusta. Parhaat ajatukset syntyv\u00e4t usein silloin, kun ymp\u00e4rill\u00e4 on ihmisi\u00e4, jotka uskaltavat sanoa vastaan ja perustella n\u00e4kemyksens\u00e4. Sellaiset ihmiset ovat parhaita hiomakivi\u00e4.<\/p><p class=\"isSelectedEnd\">Persoonani on v\u00e4rik\u00e4s, enk\u00e4 ole koskaan yritt\u00e4nyt olla kaikille kaikkea. Her\u00e4t\u00e4n mielipiteit\u00e4 ja v\u00e4lill\u00e4 my\u00f6s tunteita \u2013 monenlaisia. Menneisyyteni kannan mukanani, mutta en rakenna siit\u00e4 haarniskaa ymp\u00e4rilleni. Katson mieluummin eteenp\u00e4in. Huomiseen menen uteliaana, pelk\u00e4\u00e4m\u00e4tt\u00e4 ja edelleen valmiina tarttumaan toimeen.<\/p><p class=\"isSelectedEnd\"><strong>Olen perussuomalainen.<\/strong><\/p><p class=\"isSelectedEnd\"><strong>Olen PerusJukka \u2013 Jukka M\u00e4kynen, kansanedustajaehdokas Vaasan vaalipiirist\u00e4.<\/strong><\/p><p><a href=\"http:\/\/www.perusjukka.fi\/wp-content\/uploads\/2026\/08\/Jukka_ansioluettelo.pdf\">JUKAN CV (PDF) &gt;&gt;<\/a><\/p>\t\t\t\t\t\t\t\t<\/div>\n\t\t\t\t<div class=\"elementor-element elementor-element-b06c05c elementor-widget elementor-widget-image\" data-id=\"b06c05c\" data-element_type=\"widget\" data-e-type=\"widget\" data-widget_type=\"image.default\">\n\t\t\t\t\t\t\t\t\t\t\t\t\t\t\t<img fetchpriority=\"high\" decoding=\"async\" width=\"509\" height=\"1024\" src=\"https:\/\/www.perusjukka.fi\/wp-content\/uploads\/2026\/08\/raksamies-509x1024.jpg\" class=\"attachment-large size-large wp-image-466\" alt=\"\" srcset=\"https:\/\/www.perusjukka.fi\/wp-content\/uploads\/2026\/08\/raksamies-509x1024.jpg 509w, https:\/\/www.perusjukka.fi\/wp-content\/uploads\/2026\/08\/raksamies-149x300.jpg 149w, https:\/\/www.perusjukka.fi\/wp-content\/uploads\/2026\/08\/raksamies-768x1544.jpg 768w, https:\/\/www.perusjukka.fi\/wp-content\/uploads\/2026\/08\/raksamies-764x1536.jpg 764w, https:\/\/www.perusjukka.fi\/wp-content\/uploads\/2026\/08\/raksamies.jpg 800w\" sizes=\"(max-width: 509px) 100vw, 509px\" \/>\t\t\t\t\t\t\t\t\t\t\t\t\t\t\t<\/div>\n\t\t\t\t\t<\/div>\n\t\t\t\t<\/div>\n\t\t\t\t<\/div>\n\t\t","protected":false},"excerpt":{"rendered":"<p>KUKA ON JUKKA M\u00c4KYNEN? Urheilumies Urheilu-urani alkoi viisivuotiaana vuonna 1966 \u2013 v\u00e4h\u00e4n tavallista pidemm\u00e4ll\u00e4 py\u00f6r\u00e4lenkill\u00e4. P\u00e4\u00e4h\u00e4ni p\u00e4lk\u00e4hti l\u00e4hte\u00e4 kukittamaan hautaa parinkymmenen kilometrin p\u00e4\u00e4h\u00e4n. Matka taittui polkupy\u00f6r\u00e4ll\u00e4, ja ev\u00e4st\u00e4 \u201dlainasin\u201d maitolaitureilta matkan varrella. P\u00e4iv\u00e4n aikana kilometrej\u00e4 kertyi 43. Se j\u00e4tti j\u00e4lkens\u00e4: kipin\u00e4 urheiluun, seikkailuun ja kaikenlaisiin \u00e4lytt\u00f6myyksiin syttyi silloin, eik\u00e4 se ole sammunut viel\u00e4k\u00e4\u00e4n. Varsinaisiksi lajeikseni [&hellip;]<\/p>\n","protected":false},"author":1,"featured_media":0,"parent":0,"menu_order":0,"comment_status":"closed","ping_status":"closed","template":"elementor_header_footer","meta":{"footnotes":""},"class_list":["post-23","page","type-page","status-publish","hentry"],"_links":{"self":[{"href":"https:\/\/www.perusjukka.fi\/index.php\/wp-json\/wp\/v2\/pages\/23","targetHints":{"allow":["GET"]}}],"collection":[{"href":"https:\/\/www.perusjukka.fi\/index.php\/wp-json\/wp\/v2\/pages"}],"about":[{"href":"https:\/\/www.perusjukka.fi\/index.php\/wp-json\/wp\/v2\/types\/page"}],"author":[{"embeddable":true,"href":"https:\/\/www.perusjukka.fi\/index.php\/wp-json\/wp\/v2\/users\/1"}],"replies":[{"embeddable":true,"href":"https:\/\/www.perusjukka.fi\/index.php\/wp-json\/wp\/v2\/comments?post=23"}],"version-history":[{"count":28,"href":"https:\/\/www.perusjukka.fi\/index.php\/wp-json\/wp\/v2\/pages\/23\/revisions"}],"predecessor-version":[{"id":469,"href":"https:\/\/www.perusjukka.fi\/index.php\/wp-json\/wp\/v2\/pages\/23\/revisions\/469"}],"wp:attachment":[{"href":"https:\/\/www.perusjukka.fi\/index.php\/wp-json\/wp\/v2\/media?parent=23"}],"curies":[{"name":"wp","href":"https:\/\/api.w.org\/{rel}","templated":true}]}}